{"id":19,"date":"2024-01-23T13:18:10","date_gmt":"2024-01-23T13:18:10","guid":{"rendered":"http:\/\/conflictocolectivo.es\/?page_id=19"},"modified":"2026-01-30T10:16:56","modified_gmt":"2026-01-30T09:16:56","slug":"index","status":"publish","type":"page","link":"https:\/\/conflictocolectivo.es\/","title":{"rendered":"index"},"content":{"rendered":"\t\t<div data-elementor-type=\"wp-page\" data-elementor-id=\"19\" class=\"elementor elementor-19\" data-elementor-post-type=\"page\">\n\t\t\t\t\t\t<section class=\"elementor-section elementor-top-section elementor-element elementor-element-78b3368d elementor-section-boxed elementor-section-height-default elementor-section-height-default\" data-id=\"78b3368d\" data-element_type=\"section\" data-e-type=\"section\" data-settings=\"{&quot;background_background&quot;:&quot;classic&quot;}\">\n\t\t\t\t\t\t<div class=\"elementor-container elementor-column-gap-no\">\n\t\t\t\t\t<div class=\"elementor-column elementor-col-100 elementor-top-column elementor-element elementor-element-1bc1e92b\" data-id=\"1bc1e92b\" data-element_type=\"column\" data-e-type=\"column\">\n\t\t\t<div class=\"elementor-widget-wrap elementor-element-populated\">\n\t\t\t\t\t\t<section class=\"elementor-section elementor-inner-section elementor-element elementor-element-1c7b05bf elementor-section-boxed elementor-section-height-default elementor-section-height-default\" data-id=\"1c7b05bf\" data-element_type=\"section\" data-e-type=\"section\">\n\t\t\t\t\t\t<div class=\"elementor-container elementor-column-gap-default\">\n\t\t\t\t\t<div class=\"elementor-column elementor-col-100 elementor-inner-column elementor-element elementor-element-719a5209\" data-id=\"719a5209\" data-element_type=\"column\" data-e-type=\"column\">\n\t\t\t<div class=\"elementor-widget-wrap elementor-element-populated\">\n\t\t\t\t\t\t<div class=\"elementor-element elementor-element-6513956d elementor-widget elementor-widget-elementskit-heading\" data-id=\"6513956d\" data-element_type=\"widget\" data-e-type=\"widget\" data-widget_type=\"elementskit-heading.default\">\n\t\t\t\t<div class=\"elementor-widget-container\">\n\t\t\t\t\t<div class=\"ekit-wid-con\" ><div class=\"ekit-heading elementskit-section-title-wraper center   ekit_heading_tablet-   ekit_heading_mobile-\"><span class=\"elementskit-section-subtitle  \">\n\t\t\t\t\t\t#conflictocolectivo\n\t\t\t\t\t<\/span><h2 class=\"ekit-heading--title elementskit-section-title \">Estamos en Conflicto<\/h2>\t\t\t\t<div class='ekit-heading__description'>\n\t\t\t\t\t<p>Ni un paso m\u00e1s<\/p>\n\t\t\t\t<\/div>\n\t\t\t<\/div><\/div>\t\t\t\t<\/div>\n\t\t\t\t<\/div>\n\t\t\t\t\t<\/div>\n\t\t<\/div>\n\t\t\t\t\t<\/div>\n\t\t<\/section>\n\t\t\t\t<section class=\"elementor-section elementor-inner-section elementor-element elementor-element-12f9615a elementor-section-boxed elementor-section-height-default elementor-section-height-default\" data-id=\"12f9615a\" data-element_type=\"section\" data-e-type=\"section\">\n\t\t\t\t\t\t<div class=\"elementor-container elementor-column-gap-default\">\n\t\t\t\t\t<div class=\"elementor-column elementor-col-100 elementor-inner-column elementor-element elementor-element-7a967fbc\" data-id=\"7a967fbc\" data-element_type=\"column\" data-e-type=\"column\">\n\t\t\t<div class=\"elementor-widget-wrap elementor-element-populated\">\n\t\t\t\t\t\t<div class=\"elementor-element elementor-element-65c97d9 elementor-invisible elementor-widget elementor-widget-image\" data-id=\"65c97d9\" data-element_type=\"widget\" data-e-type=\"widget\" data-settings=\"{&quot;_animation&quot;:&quot;bounceInDown&quot;}\" data-widget_type=\"image.default\">\n\t\t\t\t<div class=\"elementor-widget-container\">\n\t\t\t\t\t\t\t\t\t\t\t\t\t\t\t<img decoding=\"async\" src=\"https:\/\/conflictocolectivo.es\/wp-content\/uploads\/elementor\/thumbs\/Logo-Jupol-version-2-180kb-r1pazd1f4oozreqnaj6lap187iy1cewoxban7sosl4.webp\" title=\"Logo Jupol version 2 -180kb\" alt=\"Logo Jupol version 2 -180kb\" loading=\"lazy\" \/>\t\t\t\t\t\t\t\t\t\t\t\t\t\t\t<\/div>\n\t\t\t\t<\/div>\n\t\t\t\t\t<\/div>\n\t\t<\/div>\n\t\t\t\t\t<\/div>\n\t\t<\/section>\n\t\t\t\t\t<\/div>\n\t\t<\/div>\n\t\t\t\t\t<\/div>\n\t\t<\/section>\n\t\t\t\t<section class=\"elementor-section elementor-top-section elementor-element elementor-element-46722334 elementor-section-boxed elementor-section-height-default elementor-section-height-default\" data-id=\"46722334\" data-element_type=\"section\" data-e-type=\"section\">\n\t\t\t\t\t\t<div class=\"elementor-container elementor-column-gap-default\">\n\t\t\t\t\t<div class=\"elementor-column elementor-col-100 elementor-top-column elementor-element elementor-element-4cc0f49\" data-id=\"4cc0f49\" data-element_type=\"column\" data-e-type=\"column\">\n\t\t\t<div class=\"elementor-widget-wrap elementor-element-populated\">\n\t\t\t\t\t\t<section class=\"elementor-section elementor-inner-section elementor-element elementor-element-226a4977 elementor-section-boxed elementor-section-height-default elementor-section-height-default\" data-id=\"226a4977\" data-element_type=\"section\" data-e-type=\"section\">\n\t\t\t\t\t\t<div class=\"elementor-container elementor-column-gap-no\">\n\t\t\t\t\t<div class=\"elementor-column elementor-col-33 elementor-inner-column elementor-element elementor-element-3fa64a3\" data-id=\"3fa64a3\" data-element_type=\"column\" data-e-type=\"column\">\n\t\t\t<div class=\"elementor-widget-wrap elementor-element-populated\">\n\t\t\t\t\t\t<div class=\"elementor-element elementor-element-51fc9dfa ekit-equal-height-disable elementor-widget elementor-widget-elementskit-image-box\" data-id=\"51fc9dfa\" data-element_type=\"widget\" data-e-type=\"widget\" data-widget_type=\"elementskit-image-box.default\">\n\t\t\t\t<div class=\"elementor-widget-container\">\n\t\t\t\t\t<div class=\"ekit-wid-con\" >\n            <div class=\"elementskit-info-image-box ekit-image-box text-center simple-card\" >\n\n                <a href=\"https:\/\/drive.google.com\/file\/d\/1mFhQEv2hy8_ZMTFrUWUHRl4mKSkPSoGW\/view?usp=drive_link\" target=\"_blank\">\n                <div class=\"elementskit-box-header image-box-img-center\">\n\n                    <img decoding=\"async\" width=\"150\" height=\"150\" src=\"https:\/\/conflictocolectivo.es\/wp-content\/uploads\/2025\/02\/conflictocolectivo-150x150.webp\" class=\"attachment-thumbnail size-thumbnail wp-image-310\" alt=\"\" \/>\n                <\/div>\n                <\/a>\n                <div class=\"elementskit-box-body ekit-image-box-body\">\n                    <div class=\"elementskit-box-content ekit-image-box-body-inner\">\n                                                <h3 class=\"elementskit-info-box-title\">\n\n                        23 enero 2025\n                        \n                    <\/h3>\n                                                            <div class=\"elementskit-box-style-content\">\n                        JUPOL declara el conflicto colectivo con el prop\u00f3sito de mejorar la jubilaci\u00f3n digna, por una retribuci\u00f3n justa y equitativa con otras polic\u00edas y por unas mejoras en la jornada laboral. Haz                     <\/div>\n                                    <\/div>\n\n                            <\/div>\n            <\/div>\n    <\/div>\t\t\t\t<\/div>\n\t\t\t\t<\/div>\n\t\t\t\t\t<\/div>\n\t\t<\/div>\n\t\t\t\t<div class=\"elementor-column elementor-col-33 elementor-inner-column elementor-element elementor-element-79804918\" data-id=\"79804918\" data-element_type=\"column\" data-e-type=\"column\">\n\t\t\t<div class=\"elementor-widget-wrap elementor-element-populated\">\n\t\t\t\t\t\t<div class=\"elementor-element elementor-element-1850fa87 ekit-equal-height-disable elementor-widget elementor-widget-elementskit-image-box\" data-id=\"1850fa87\" data-element_type=\"widget\" data-e-type=\"widget\" data-widget_type=\"elementskit-image-box.default\">\n\t\t\t\t<div class=\"elementor-widget-container\">\n\t\t\t\t\t<div class=\"ekit-wid-con\" >\n            <div class=\"elementskit-info-image-box ekit-image-box text-center simple-card\" >\n\n                <a href=\"https:\/\/drive.google.com\/file\/d\/1FgtPeQ4GEmDlAQ_jD7YXZ1FCSpc9thih\/view?usp=drive_link\" target=\"_blank\">\n                <div class=\"elementskit-box-header image-box-img-center\">\n\n                    <img decoding=\"async\" width=\"150\" height=\"150\" src=\"https:\/\/conflictocolectivo.es\/wp-content\/uploads\/2025\/02\/Captura-de-pantalla-2025-02-18-181946-150x150.webp\" class=\"attachment-thumbnail size-thumbnail wp-image-327\" alt=\"\" \/>\n                <\/div>\n                <\/a>\n                <div class=\"elementskit-box-body ekit-image-box-body\">\n                    <div class=\"elementskit-box-content ekit-image-box-body-inner\">\n                                                <h3 class=\"elementskit-info-box-title\">\n\n                        Comunicado Secretario Gral.\n                        \n                    <\/h3>\n                                                            <div class=\"elementskit-box-style-content\">\n                        JUPOL invita al resto de sindicatos a unirse al conflicto colectivo para de esa forma ser m\u00e1s fuertes y m\u00e1s contundentes de cara a la administraci\u00f3n.                    <\/div>\n                                    <\/div>\n\n                            <\/div>\n            <\/div>\n    <\/div>\t\t\t\t<\/div>\n\t\t\t\t<\/div>\n\t\t\t\t\t<\/div>\n\t\t<\/div>\n\t\t\t\t<div class=\"elementor-column elementor-col-33 elementor-inner-column elementor-element elementor-element-5a08c5a1\" data-id=\"5a08c5a1\" data-element_type=\"column\" data-e-type=\"column\">\n\t\t\t<div class=\"elementor-widget-wrap elementor-element-populated\">\n\t\t\t\t\t\t<div class=\"elementor-element elementor-element-678a130d ekit-equal-height-disable elementor-widget elementor-widget-elementskit-image-box\" data-id=\"678a130d\" data-element_type=\"widget\" data-e-type=\"widget\" data-widget_type=\"elementskit-image-box.default\">\n\t\t\t\t<div class=\"elementor-widget-container\">\n\t\t\t\t\t<div class=\"ekit-wid-con\" >\n            <div class=\"elementskit-info-image-box ekit-image-box text-center simple-card\" >\n\n                <a href=\"https:\/\/drive.google.com\/file\/d\/1NleVYxLQixLtVVUbqbDL8wqZzRnFO2HU\/view?usp=drive_link\" target=\"_blank\">\n                <div class=\"elementskit-box-header image-box-img-center\">\n\n                    <img decoding=\"async\" width=\"150\" height=\"150\" src=\"https:\/\/conflictocolectivo.es\/wp-content\/uploads\/2025\/02\/Captura-de-pantalla-2025-02-18-182614-150x150.webp\" class=\"attachment-thumbnail size-thumbnail wp-image-331\" alt=\"\" \/>\n                <\/div>\n                <\/a>\n                <div class=\"elementskit-box-body ekit-image-box-body\">\n                    <div class=\"elementskit-box-content ekit-image-box-body-inner\">\n                                                <h3 class=\"elementskit-info-box-title\">\n\n                        Justicia Policial\n                        \n                    <\/h3>\n                                                            <div class=\"elementskit-box-style-content\">\n                        En JUPOL no pedimos privilegios ni concesiones extraordinarias, pedimos Justicia Policial                    <\/div>\n                                    <\/div>\n\n                            <\/div>\n            <\/div>\n    <\/div>\t\t\t\t<\/div>\n\t\t\t\t<\/div>\n\t\t\t\t\t<\/div>\n\t\t<\/div>\n\t\t\t\t\t<\/div>\n\t\t<\/section>\n\t\t\t\t\t<\/div>\n\t\t<\/div>\n\t\t\t\t\t<\/div>\n\t\t<\/section>\n\t\t\t\t<section class=\"elementor-section elementor-top-section elementor-element elementor-element-2c8791dd elementor-section-boxed elementor-section-height-default elementor-section-height-default\" data-id=\"2c8791dd\" data-element_type=\"section\" data-e-type=\"section\">\n\t\t\t\t\t\t<div class=\"elementor-container elementor-column-gap-default\">\n\t\t\t\t\t<div class=\"elementor-column elementor-col-50 elementor-top-column elementor-element elementor-element-6c4ec81b\" data-id=\"6c4ec81b\" data-element_type=\"column\" data-e-type=\"column\">\n\t\t\t<div class=\"elementor-widget-wrap elementor-element-populated\">\n\t\t\t\t\t\t<div class=\"elementor-element elementor-element-41191c8 elementor-widget elementor-widget-image\" data-id=\"41191c8\" data-element_type=\"widget\" data-e-type=\"widget\" data-widget_type=\"image.default\">\n\t\t\t\t<div class=\"elementor-widget-container\">\n\t\t\t\t\t\t\t\t\t\t\t\t\t\t\t<img loading=\"lazy\" decoding=\"async\" width=\"353\" height=\"500\" src=\"https:\/\/conflictocolectivo.es\/wp-content\/uploads\/2025\/02\/CONFLICTO-COLECTIVO.webp\" class=\"attachment-large size-large wp-image-336\" alt=\"\" srcset=\"https:\/\/conflictocolectivo.es\/wp-content\/uploads\/2025\/02\/CONFLICTO-COLECTIVO.webp 353w, https:\/\/conflictocolectivo.es\/wp-content\/uploads\/2025\/02\/CONFLICTO-COLECTIVO-212x300.webp 212w\" sizes=\"(max-width: 353px) 100vw, 353px\" \/>\t\t\t\t\t\t\t\t\t\t\t\t\t\t\t<\/div>\n\t\t\t\t<\/div>\n\t\t\t\t\t<\/div>\n\t\t<\/div>\n\t\t\t\t<div class=\"elementor-column elementor-col-50 elementor-top-column elementor-element elementor-element-1c711a4d\" data-id=\"1c711a4d\" data-element_type=\"column\" data-e-type=\"column\">\n\t\t\t<div class=\"elementor-widget-wrap elementor-element-populated\">\n\t\t\t\t\t\t<div class=\"elementor-element elementor-element-42a992df elementor-widget elementor-widget-elementskit-heading\" data-id=\"42a992df\" data-element_type=\"widget\" data-e-type=\"widget\" data-widget_type=\"elementskit-heading.default\">\n\t\t\t\t<div class=\"elementor-widget-container\">\n\t\t\t\t\t<div class=\"ekit-wid-con\" ><div class=\"ekit-heading elementskit-section-title-wraper text_left   ekit_heading_tablet-   ekit_heading_mobile-\"><span class=\"elementskit-section-subtitle  \">\n\t\t\t\t\t\tNuestras reivindicaciones\n\t\t\t\t\t<\/span><h2 class=\"ekit-heading--title elementskit-section-title \">Para lo que nacimos...<\/h2>\t\t\t\t<div class='ekit-heading__description'>\n\t\t\t\t\t<p><span style=\"color: #131313\">JUPOL naci\u00f3 para luchar por una JUSTICIA POLICIA en todas y cada una de las brechas existentes con otros cuerpos policiales: jubilaci\u00f3n, retribuciones, jornada laboral, dietas obsoletas, y mucho m\u00e1s.<\/span><\/p>\n\t\t\t\t<\/div>\n\t\t\t<\/div><\/div>\t\t\t\t<\/div>\n\t\t\t\t<\/div>\n\t\t\t\t<section class=\"elementor-section elementor-inner-section elementor-element elementor-element-7daed248 elementor-section-boxed elementor-section-height-default elementor-section-height-default\" data-id=\"7daed248\" data-element_type=\"section\" data-e-type=\"section\">\n\t\t\t\t\t\t<div class=\"elementor-container elementor-column-gap-no\">\n\t\t\t\t\t<div class=\"elementor-column elementor-col-50 elementor-inner-column elementor-element elementor-element-447f688c\" data-id=\"447f688c\" data-element_type=\"column\" data-e-type=\"column\">\n\t\t\t<div class=\"elementor-widget-wrap elementor-element-populated\">\n\t\t\t\t\t\t<div class=\"elementor-element elementor-element-4d7a93fb elementor-widget elementor-widget-elementskit-funfact\" data-id=\"4d7a93fb\" data-element_type=\"widget\" data-e-type=\"widget\" data-widget_type=\"elementskit-funfact.default\">\n\t\t\t\t<div class=\"elementor-widget-container\">\n\t\t\t\t\t<div class=\"ekit-wid-con\" >\n\t\t<div class=\"elementskit-funfact text-left style-border-bottom  hover_from_right  \">\n\t\t\t\n\t\t\t<div class=\"elementskit-funfact-inner \">\n\t\t\t\t\n\t\t\t\t<div class=\"funfact-content\">\n\t\t\t\t\t<div class=\"number-percentage-wraper\">\n\t\t\t\t\t\t\t\t\t\t\t\t<span class=\"number-percentage\"\n\t\t\t\t\t\t      data-value=\"100\"\n\t\t\t\t\t\t      data-animation-duration=\"3500\"\n\t\t\t\t\t\t\t  data-style=\"static\">0<\/span>\n\t\t\t\t\t\t%\t\t\t\t\t\t\t\t\t\t\t<\/div>\n\n\t\t\t\t\t<h3 class=\"funfact-title\">Motivados con nuestras metas<\/h3>\t\t\t\t\t\t\t\t<\/div>\n\t\t<\/div>\n\t\t<\/div>\n\n\n\t\t<\/div>\t\t\t\t<\/div>\n\t\t\t\t<\/div>\n\t\t\t\t\t<\/div>\n\t\t<\/div>\n\t\t\t\t<div class=\"elementor-column elementor-col-50 elementor-inner-column elementor-element elementor-element-4feebd46\" data-id=\"4feebd46\" data-element_type=\"column\" data-e-type=\"column\">\n\t\t\t<div class=\"elementor-widget-wrap elementor-element-populated\">\n\t\t\t\t\t\t<div class=\"elementor-element elementor-element-248d4f8a elementor-widget elementor-widget-elementskit-funfact\" data-id=\"248d4f8a\" data-element_type=\"widget\" data-e-type=\"widget\" data-widget_type=\"elementskit-funfact.default\">\n\t\t\t\t<div class=\"elementor-widget-container\">\n\t\t\t\t\t<div class=\"ekit-wid-con\" >\n\t\t<div class=\"elementskit-funfact text-left style-border-bottom  hover_from_left  \">\n\t\t\t\n\t\t\t<div class=\"elementskit-funfact-inner \">\n\t\t\t\t\n\t\t\t\t<div class=\"funfact-content\">\n\t\t\t\t\t<div class=\"number-percentage-wraper\">\n\t\t\t\t\t\t\t\t\t\t\t\t<span class=\"number-percentage\"\n\t\t\t\t\t\t      data-value=\"98.7\"\n\t\t\t\t\t\t      data-animation-duration=\"3500\"\n\t\t\t\t\t\t\t  data-style=\"sliding\">0<\/span>\n\t\t\t\t\t\t%\t\t\t\t\t\t\t\t\t\t\t\t\t<span class=\"super\">++<\/span>\n\t\t\t\t\t\t\t\t\t\t\t<\/div>\n\n\t\t\t\t\t<h3 class=\"funfact-title\">Satisfacci\u00f3n con nuestro soporte jur\u00eddico<\/h3>\t\t\t\t\t\t\t\t<\/div>\n\t\t<\/div>\n\t\t<\/div>\n\n\n\t\t<\/div>\t\t\t\t<\/div>\n\t\t\t\t<\/div>\n\t\t\t\t\t<\/div>\n\t\t<\/div>\n\t\t\t\t\t<\/div>\n\t\t<\/section>\n\t\t\t\t<section class=\"elementor-section elementor-inner-section elementor-element elementor-element-22e3fe9d elementor-section-boxed elementor-section-height-default elementor-section-height-default\" data-id=\"22e3fe9d\" data-element_type=\"section\" data-e-type=\"section\">\n\t\t\t\t\t\t<div class=\"elementor-container elementor-column-gap-no\">\n\t\t\t\t\t<div class=\"elementor-column elementor-col-50 elementor-inner-column elementor-element elementor-element-5ee765c\" data-id=\"5ee765c\" data-element_type=\"column\" data-e-type=\"column\">\n\t\t\t<div class=\"elementor-widget-wrap elementor-element-populated\">\n\t\t\t\t\t\t<div class=\"elementor-element elementor-element-d66eec5 elementor-widget elementor-widget-elementskit-funfact\" data-id=\"d66eec5\" data-element_type=\"widget\" data-e-type=\"widget\" data-widget_type=\"elementskit-funfact.default\">\n\t\t\t\t<div class=\"elementor-widget-container\">\n\t\t\t\t\t<div class=\"ekit-wid-con\" >\n\t\t<div class=\"elementskit-funfact text-left style-border-bottom  hover_from_right  \">\n\t\t\t\n\t\t\t<div class=\"elementskit-funfact-inner \">\n\t\t\t\t\n\t\t\t\t<div class=\"funfact-content\">\n\t\t\t\t\t<div class=\"number-percentage-wraper\">\n\t\t\t\t\t\t+\t\t\t\t\t\t<span class=\"number-percentage\"\n\t\t\t\t\t\t      data-value=\"55\"\n\t\t\t\t\t\t      data-animation-duration=\"3500\"\n\t\t\t\t\t\t\t  data-style=\"static\">0<\/span>\n\t\t\t\t\t\t\t\t\t\t\t\t\t\t\t\t\t<\/div>\n\n\t\t\t\t\t<h3 class=\"funfact-title\">Comit\u00e9s por toda Espa\u00f1a<\/h3>\t\t\t\t\t\t\t\t<\/div>\n\t\t<\/div>\n\t\t<\/div>\n\n\n\t\t<\/div>\t\t\t\t<\/div>\n\t\t\t\t<\/div>\n\t\t\t\t\t<\/div>\n\t\t<\/div>\n\t\t\t\t<div class=\"elementor-column elementor-col-50 elementor-inner-column elementor-element elementor-element-22643f14\" data-id=\"22643f14\" data-element_type=\"column\" data-e-type=\"column\">\n\t\t\t<div class=\"elementor-widget-wrap elementor-element-populated\">\n\t\t\t\t\t\t<div class=\"elementor-element elementor-element-573408be elementor-widget elementor-widget-elementskit-funfact\" data-id=\"573408be\" data-element_type=\"widget\" data-e-type=\"widget\" data-widget_type=\"elementskit-funfact.default\">\n\t\t\t\t<div class=\"elementor-widget-container\">\n\t\t\t\t\t<div class=\"ekit-wid-con\" >\n\t\t<div class=\"elementskit-funfact text-left style-border-bottom  hover_from_right  \">\n\t\t\t\n\t\t\t<div class=\"elementskit-funfact-inner \">\n\t\t\t\t\n\t\t\t\t<div class=\"funfact-content\">\n\t\t\t\t\t<div class=\"number-percentage-wraper\">\n\t\t\t\t\t\t+\t\t\t\t\t\t<span class=\"number-percentage\"\n\t\t\t\t\t\t      data-value=\"26000\"\n\t\t\t\t\t\t      data-animation-duration=\"3500\"\n\t\t\t\t\t\t\t  data-style=\"static\">0<\/span>\n\t\t\t\t\t\t\t\t\t\t\t\t\t\t\t\t\t<\/div>\n\n\t\t\t\t\t<h3 class=\"funfact-title\">Afiliados<\/h3>\t\t\t\t\t\t\t\t<\/div>\n\t\t<\/div>\n\t\t<\/div>\n\n\n\t\t<\/div>\t\t\t\t<\/div>\n\t\t\t\t<\/div>\n\t\t\t\t\t<\/div>\n\t\t<\/div>\n\t\t\t\t\t<\/div>\n\t\t<\/section>\n\t\t\t\t\t<\/div>\n\t\t<\/div>\n\t\t\t\t\t<\/div>\n\t\t<\/section>\n\t\t\t\t<section class=\"elementor-section elementor-top-section elementor-element elementor-element-220379c9 elementor-section-boxed elementor-section-height-default elementor-section-height-default\" data-id=\"220379c9\" data-element_type=\"section\" data-e-type=\"section\" id=\"xs_cta_construction\" data-settings=\"{&quot;background_background&quot;:&quot;classic&quot;}\">\n\t\t\t\t\t\t<div class=\"elementor-container elementor-column-gap-default\">\n\t\t\t\t\t<div class=\"elementor-column elementor-col-50 elementor-top-column elementor-element elementor-element-24dd830b\" data-id=\"24dd830b\" data-element_type=\"column\" data-e-type=\"column\">\n\t\t\t<div class=\"elementor-widget-wrap elementor-element-populated\">\n\t\t\t\t\t\t<div class=\"elementor-element elementor-element-683aefa7 elementor-widget elementor-widget-elementskit-heading\" data-id=\"683aefa7\" data-element_type=\"widget\" data-e-type=\"widget\" data-widget_type=\"elementskit-heading.default\">\n\t\t\t\t<div class=\"elementor-widget-container\">\n\t\t\t\t\t<div class=\"ekit-wid-con\" ><div class=\"ekit-heading elementskit-section-title-wraper text_left   ekit_heading_tablet-   ekit_heading_mobile-\"><h2 class=\"ekit-heading--title elementskit-section-title \">Ante la falta constante de actitud negociadora<\/h2><h3 class=\"ekit-heading--subtitle elementskit-section-subtitle  \">\n\t\t\t\t\t\tpor parte de la administraci\u00f3n\n\t\t\t\t\t<\/h3>\t\t\t\t<div class='ekit-heading__description'>\n\t\t\t\t\t<p>JUPOL ha declarado un nuevo Conflicto Colectivo ante el Ministerio del Interior por la Equiparaci\u00f3n Salarial Real con las polic\u00edas auton\u00f3micas y por la Jubilaci\u00f3n Digna de los polic\u00edas nacionales.<\/p>\n\t\t\t\t<\/div>\n\t\t\t<\/div><\/div>\t\t\t\t<\/div>\n\t\t\t\t<\/div>\n\t\t\t\t\t<\/div>\n\t\t<\/div>\n\t\t\t\t<div class=\"elementor-column elementor-col-50 elementor-top-column elementor-element elementor-element-5da38073\" data-id=\"5da38073\" data-element_type=\"column\" data-e-type=\"column\">\n\t\t\t<div class=\"elementor-widget-wrap elementor-element-populated\">\n\t\t\t\t\t\t<div class=\"elementor-element elementor-element-2b3d2f53 elementor-align-right elementor-align--mobileleft elementor-align--tabletcenter elementor-widget elementor-widget-elementskit-button\" data-id=\"2b3d2f53\" data-element_type=\"widget\" data-e-type=\"widget\" data-widget_type=\"elementskit-button.default\">\n\t\t\t\t<div class=\"elementor-widget-container\">\n\t\t\t\t\t<div class=\"ekit-wid-con\" >\t\t<div class=\"ekit-btn-wraper\">\n\t\t\t\t\t\t\t<a class=\"elementskit-btn  whitespace--normal\" id=\"\">\n\t\t\t\t\t#conflictocolectivo<i class=\"fasicon icon-right-arrow\"><\/i>\t\t\t\t<\/a>\n\t\t\t\t\t<\/div>\n        <\/div>\t\t\t\t<\/div>\n\t\t\t\t<\/div>\n\t\t\t\t\t<\/div>\n\t\t<\/div>\n\t\t\t\t\t<\/div>\n\t\t<\/section>\n\t\t\t\t<section class=\"elementor-section elementor-top-section elementor-element elementor-element-3293283a elementor-hidden-phone elementor-section-boxed elementor-section-height-default elementor-section-height-default\" data-id=\"3293283a\" data-element_type=\"section\" data-e-type=\"section\" data-settings=\"{&quot;background_background&quot;:&quot;classic&quot;}\">\n\t\t\t\t\t\t<div class=\"elementor-container elementor-column-gap-default\">\n\t\t\t\t\t<div class=\"elementor-column elementor-col-100 elementor-top-column elementor-element elementor-element-6e19d5ec\" data-id=\"6e19d5ec\" data-element_type=\"column\" data-e-type=\"column\">\n\t\t\t<div class=\"elementor-widget-wrap elementor-element-populated\">\n\t\t\t\t\t\t<section class=\"elementor-section elementor-inner-section elementor-element elementor-element-5adefdd4 elementor-section-boxed elementor-section-height-default elementor-section-height-default\" data-id=\"5adefdd4\" data-element_type=\"section\" data-e-type=\"section\">\n\t\t\t\t\t\t<div class=\"elementor-container elementor-column-gap-default\">\n\t\t\t\t\t<div class=\"elementor-column elementor-col-33 elementor-inner-column elementor-element elementor-element-3b66611e\" data-id=\"3b66611e\" data-element_type=\"column\" data-e-type=\"column\">\n\t\t\t<div class=\"elementor-widget-wrap\">\n\t\t\t\t\t\t\t<\/div>\n\t\t<\/div>\n\t\t\t\t<div class=\"elementor-column elementor-col-33 elementor-inner-column elementor-element elementor-element-288a6898\" data-id=\"288a6898\" data-element_type=\"column\" data-e-type=\"column\">\n\t\t\t<div class=\"elementor-widget-wrap elementor-element-populated\">\n\t\t\t\t\t\t<div class=\"elementor-element elementor-element-27e16364 elementor-widget elementor-widget-elementskit-heading\" data-id=\"27e16364\" data-element_type=\"widget\" data-e-type=\"widget\" data-widget_type=\"elementskit-heading.default\">\n\t\t\t\t<div class=\"elementor-widget-container\">\n\t\t\t\t\t<div class=\"ekit-wid-con\" ><div class=\"ekit-heading elementskit-section-title-wraper center   ekit_heading_tablet-   ekit_heading_mobile-\"><h2 class=\"ekit-heading--title elementskit-section-title \">Dos pilares fundamentales<\/h2><div class=\"ekit_heading_separetor_wraper ekit_heading_elementskit-border-star\"><div class=\"elementskit-border-star\"><\/div><\/div>\t\t\t\t<div class='ekit-heading__description'>\n\t\t\t\t\t<p>La Equiparaci\u00f3n Salarial y la Jubilaci\u00f3n Digna<\/p>\n\t\t\t\t<\/div>\n\t\t\t<\/div><\/div>\t\t\t\t<\/div>\n\t\t\t\t<\/div>\n\t\t\t\t\t<\/div>\n\t\t<\/div>\n\t\t\t\t<div class=\"elementor-column elementor-col-33 elementor-inner-column elementor-element elementor-element-48cbf04c\" data-id=\"48cbf04c\" data-element_type=\"column\" data-e-type=\"column\">\n\t\t\t<div class=\"elementor-widget-wrap\">\n\t\t\t\t\t\t\t<\/div>\n\t\t<\/div>\n\t\t\t\t\t<\/div>\n\t\t<\/section>\n\t\t\t\t\t<\/div>\n\t\t<\/div>\n\t\t\t\t\t<\/div>\n\t\t<\/section>\n\t\t<div class=\"elementor-element elementor-element-d5909df e-grid e-con-boxed e-con e-parent\" data-id=\"d5909df\" data-element_type=\"container\" data-e-type=\"container\">\n\t\t\t\t\t<div class=\"e-con-inner\">\n\t\t\t\t<div class=\"elementor-element elementor-element-fab1b01 elementor-widget elementor-widget-elementskit-faq\" data-id=\"fab1b01\" data-element_type=\"widget\" data-e-type=\"widget\" data-widget_type=\"elementskit-faq.default\">\n\t\t\t\t<div class=\"elementor-widget-container\">\n\t\t\t\t\t<div class=\"ekit-wid-con\" >\n                <div class=\"elementskit-single-faq elementor-repeater-item-ac4ab8e\">\n            <div class=\"elementskit-faq-header\">\n                <h2 class=\"elementskit-faq-title\">\u00bfPor qu\u00e9 JUPOL ha declarado un nuevo Conflicto Colectivo?<\/h2>\n            <\/div>\n            <div class=\"elementskit-faq-body\">\n                JUPOL ha declarado un nuevo Conflicto Colectivo debido a la falta de negociaci\u00f3n por parte de la Administraci\u00f3n en dos cuestiones fundamentales: la Equiparaci\u00f3n Salarial Real con las polic\u00edas auton\u00f3micas y la Jubilaci\u00f3n Digna de los polic\u00edas nacionales. A pesar de conflictos colectivos previos en 2019 y 2022, no ha habido avances significativos en estas reivindicaciones.            <\/div>\n        <\/div>\n                <div class=\"elementskit-single-faq elementor-repeater-item-f3f3af4\">\n            <div class=\"elementskit-faq-header\">\n                <h2 class=\"elementskit-faq-title\">\u00bfCu\u00e1les son los pilares fundamentales del Conflicto Colectivo?<\/h2>\n            <\/div>\n            <div class=\"elementskit-faq-body\">\n                Los dos pilares del Conflicto Colectivo son:<br><br>\n\n* <b>Equiparaci\u00f3n Salarial Real<\/b>: Igual salario por igual trabajo entre la Polic\u00eda Nacional, la Guardia Civil y las polic\u00edas auton\u00f3micas.<br>\n * <b>Jubilaci\u00f3n Digna<\/b>: Condiciones justas y homog\u00e9neas para la jubilaci\u00f3n de los polic\u00edas nacionales en comparaci\u00f3n con otros cuerpos policiales.            <\/div>\n        <\/div>\n                <div class=\"elementskit-single-faq elementor-repeater-item-78d1d24\">\n            <div class=\"elementskit-faq-header\">\n                <h2 class=\"elementskit-faq-title\">\u00bfPor qu\u00e9 JUPOL considera que la equiparaci\u00f3n salarial no se ha cumplido?<\/h2>\n            <\/div>\n            <div class=\"elementskit-faq-body\">\n                El acuerdo de equiparaci\u00f3n de 2018 no ha logrado una verdadera igualdad salarial. Actualmente, existen cinco brechas salariales entre la Polic\u00eda Nacional\/Guardia Civil y las polic\u00edas auton\u00f3micas:<br><br>\n\nSueldo mensual.<br>\nPagas extraordinarias.<br>\nIndemnizaci\u00f3n por asistencia a juicios.<br>\nPago por horas extraordinarias.<br>\nCondiciones de la segunda actividad y jubilaci\u00f3n anticipada.<br><br>\nLa diferencia salarial en 2025 entre un Polic\u00eda Nacional y un Mosso d'Esquadra supera los 7.400 euros anuales en perjuicio de los agentes estatales.            <\/div>\n        <\/div>\n                <div class=\"elementskit-single-faq elementor-repeater-item-c621d38\">\n            <div class=\"elementskit-faq-header\">\n                <h2 class=\"elementskit-faq-title\">\u00bfQu\u00e9 problemas existen en la jubilaci\u00f3n de los polic\u00edas nacionales?<\/h2>\n            <\/div>\n            <div class=\"elementskit-faq-body\">\n                Los polic\u00edas nacionales se encuentran en un grave agravio comparativo, ya que existen dos reg\u00edmenes de jubilaci\u00f3n dentro del propio cuerpo:\n\nLos polic\u00edas que ingresaron antes del 1 de enero de 2011 pertenecen al r\u00e9gimen de Clases Pasivas del Estado.\nLos polic\u00edas que ingresaron despu\u00e9s de esa fecha est\u00e1n en el R\u00e9gimen General de la Seguridad Social, lo que genera diferencias en las pensiones.<br><br>\nAdem\u00e1s, en comparaci\u00f3n con otros cuerpos policiales (locales y auton\u00f3micos), los polic\u00edas nacionales no tienen derecho a la jubilaci\u00f3n anticipada a los 59 a\u00f1os, lo que les supone una p\u00e9rdida de poder adquisitivo de hasta 1.000 euros mensuales en caso de jubilaci\u00f3n anticipada.            <\/div>\n        <\/div>\n                <div class=\"elementskit-single-faq elementor-repeater-item-7e53bc0\">\n            <div class=\"elementskit-faq-header\">\n                <h2 class=\"elementskit-faq-title\">\u00bfC\u00f3mo justifica JUPOL que esta situaci\u00f3n es ilegal y discriminatoria?<\/h2>\n            <\/div>\n            <div class=\"elementskit-faq-body\">\n                <p>JUPOL sostiene que el Gobierno est&aacute; incumpliendo el <em><strong>art&iacute;culo 6 de la Ley Org&aacute;nica 2\/1986<\/strong><\/em> y el <em><strong>art&iacute;culo 14 de la Constituci&oacute;n Espa&ntilde;ola<\/strong><\/em>, que garantizan el principio de igualdad y la prohibici&oacute;n de discriminaci&oacute;n. Al permitir condiciones m&aacute;s favorables para unos cuerpos policiales sobre otros, se est&aacute; creando una situaci&oacute;n injusta y contraria al Ordenamiento Jur&iacute;dico.<\/p>            <\/div>\n        <\/div>\n                <div class=\"elementskit-single-faq elementor-repeater-item-67e9f5b\">\n            <div class=\"elementskit-faq-header\">\n                <h2 class=\"elementskit-faq-title\">\u00bfQu\u00e9 acciones tomar\u00e1 JUPOL si no se alcanzan acuerdos con la Direcci\u00f3n General de la Polic\u00eda?<\/h2>\n            <\/div>\n            <div class=\"elementskit-faq-body\">\n                Si no hay avances en la negociaci\u00f3n, JUPOL tomar\u00e1 medidas legales en el marco del Conflicto Colectivo para garantizar que se cumplan sus reivindicaciones. Adem\u00e1s, no descarta la convocatoria de movilizaciones para presionar al Ministerio del Interior.            <\/div>\n        <\/div>\n                <div class=\"elementskit-single-faq elementor-repeater-item-66de28f\">\n            <div class=\"elementskit-faq-header\">\n                <h2 class=\"elementskit-faq-title\">\u00bfQu\u00e9 diferencias retributivas existen entre los polic\u00edas nacionales y los auton\u00f3micos?<\/h2>\n            <\/div>\n            <div class=\"elementskit-faq-body\">\n                <p>JUPOL estima que las diferencias salariales actuales son las siguientes:<\/p>\n<ul>\n<li><strong>Salario mensual:<\/strong> 20% menos que los polic&iacute;as auton&oacute;micos.<\/li>\n<li><strong>Pagas extraordinarias:<\/strong> 61% menos que los polic&iacute;as auton&oacute;micos.<\/li>\n<li><strong>Pensiones de jubilaci&oacute;n:<\/strong> 45% menos que los polic&iacute;as auton&oacute;micos.<\/li>\n<li><strong>Edad de jubilaci&oacute;n:<\/strong> Los polic&iacute;as auton&oacute;micos y locales pueden jubilarse a los <strong>59 a&ntilde;os<\/strong>, mientras que los polic&iacute;as nacionales y guardias civiles no tienen ese derecho.<\/li>\n<\/ul>            <\/div>\n        <\/div>\n                <div class=\"elementskit-single-faq elementor-repeater-item-e921de3\">\n            <div class=\"elementskit-faq-header\">\n                <h2 class=\"elementskit-faq-title\">\u00bfCu\u00e1l es la postura de JUPOL respecto a la unidad sindical en este conflicto?<\/h2>\n            <\/div>\n            <div class=\"elementskit-faq-body\">\n                <p>JUPOL ha reiterado que este conflicto <strong>no es un tema de intereses sindicales, sino de derechos de todos los polic&iacute;as nacionales<\/strong>. Por ello, ha hecho un llamamiento a todas las organizaciones sindicales para formar un frente com&uacute;n en torno a la Equiparaci&oacute;n Salarial y la Jubilaci&oacute;n Digna.<\/p>            <\/div>\n        <\/div>\n                <div class=\"elementskit-single-faq elementor-repeater-item-f1e75d7\">\n            <div class=\"elementskit-faq-header\">\n                <h2 class=\"elementskit-faq-title\">\u00bfQu\u00e9 papel juega el Ministerio del Interior en esta situaci\u00f3n?<\/h2>\n            <\/div>\n            <div class=\"elementskit-faq-body\">\n                <p>JUPOL considera que la soluci&oacute;n a estos problemas es una <strong>cuesti&oacute;n de voluntad pol&iacute;tica<\/strong>. Por ello, insta al Ministerio del Interior a iniciar urgentemente las negociaciones necesarias para alcanzar la Equiparaci&oacute;n Salarial Real y la Jubilaci&oacute;n Digna de los polic&iacute;as nacionales y guardias civiles.<\/p>            <\/div>\n        <\/div>\n                <div class=\"elementskit-single-faq elementor-repeater-item-c313ebb\">\n            <div class=\"elementskit-faq-header\">\n                <h2 class=\"elementskit-faq-title\">\u00bfJUPOL aceptar\u00eda un acuerdo parcial o negociaciones que no cumplan todas sus demandas?<\/h2>\n            <\/div>\n            <div class=\"elementskit-faq-body\">\n                <p>No. JUPOL ha sido claro en que <strong>no ceder&aacute; en la defensa de los derechos de los polic&iacute;as nacionales<\/strong> ni aceptar&aacute; \"migajas\" en la negociaci&oacute;n. Su objetivo es alcanzar <strong>una igualdad salarial y de jubilaci&oacute;n plena y definitiva<\/strong>.<\/p>            <\/div>\n        <\/div>\n                                <script type=\"application\/ld+json\">{\"@context\":\"https:\/\/schema.org\",\"@type\":\"FAQPage\",\"mainEntity\":[{\"@type\":\"Question\",\"name\":\"\u00bfPor qu\u00e9 JUPOL ha declarado un nuevo Conflicto Colectivo?\",\"acceptedAnswer\":{\"@type\":\"Answer\",\"text\":\"JUPOL ha declarado un nuevo Conflicto Colectivo debido a la falta de negociaci\u00f3n por parte de la Administraci\u00f3n en dos cuestiones fundamentales: la Equiparaci\u00f3n Salarial Real con las polic\u00edas auton\u00f3micas y la Jubilaci\u00f3n Digna de los polic\u00edas nacionales. A pesar de conflictos colectivos previos en 2019 y 2022, no ha habido avances significativos en estas reivindicaciones.\"}},{\"@type\":\"Question\",\"name\":\"\u00bfCu\u00e1les son los pilares fundamentales del Conflicto Colectivo?\",\"acceptedAnswer\":{\"@type\":\"Answer\",\"text\":\"Los dos pilares del Conflicto Colectivo son:<br><br>\\n\\n* <b>Equiparaci\u00f3n Salarial Real<\/b>: Igual salario por igual trabajo entre la Polic\u00eda Nacional, la Guardia Civil y las polic\u00edas auton\u00f3micas.<br>\\n * <b>Jubilaci\u00f3n Digna<\/b>: Condiciones justas y homog\u00e9neas para la jubilaci\u00f3n de los polic\u00edas nacionales en comparaci\u00f3n con otros cuerpos policiales.\"}},{\"@type\":\"Question\",\"name\":\"\u00bfPor qu\u00e9 JUPOL considera que la equiparaci\u00f3n salarial no se ha cumplido?\",\"acceptedAnswer\":{\"@type\":\"Answer\",\"text\":\"El acuerdo de equiparaci\u00f3n de 2018 no ha logrado una verdadera igualdad salarial. Actualmente, existen cinco brechas salariales entre la Polic\u00eda Nacional\/Guardia Civil y las polic\u00edas auton\u00f3micas:<br><br>\\n\\nSueldo mensual.<br>\\nPagas extraordinarias.<br>\\nIndemnizaci\u00f3n por asistencia a juicios.<br>\\nPago por horas extraordinarias.<br>\\nCondiciones de la segunda actividad y jubilaci\u00f3n anticipada.<br><br>\\nLa diferencia salarial en 2025 entre un Polic\u00eda Nacional y un Mosso d'Esquadra supera los 7.400 euros anuales en perjuicio de los agentes estatales.\"}},{\"@type\":\"Question\",\"name\":\"\u00bfQu\u00e9 problemas existen en la jubilaci\u00f3n de los polic\u00edas nacionales?\",\"acceptedAnswer\":{\"@type\":\"Answer\",\"text\":\"Los polic\u00edas nacionales se encuentran en un grave agravio comparativo, ya que existen dos reg\u00edmenes de jubilaci\u00f3n dentro del propio cuerpo:\\n\\nLos polic\u00edas que ingresaron antes del 1 de enero de 2011 pertenecen al r\u00e9gimen de Clases Pasivas del Estado.\\nLos polic\u00edas que ingresaron despu\u00e9s de esa fecha est\u00e1n en el R\u00e9gimen General de la Seguridad Social, lo que genera diferencias en las pensiones.<br><br>\\nAdem\u00e1s, en comparaci\u00f3n con otros cuerpos policiales (locales y auton\u00f3micos), los polic\u00edas nacionales no tienen derecho a la jubilaci\u00f3n anticipada a los 59 a\u00f1os, lo que les supone una p\u00e9rdida de poder adquisitivo de hasta 1.000 euros mensuales en caso de jubilaci\u00f3n anticipada.\"}},{\"@type\":\"Question\",\"name\":\"\u00bfC\u00f3mo justifica JUPOL que esta situaci\u00f3n es ilegal y discriminatoria?\",\"acceptedAnswer\":{\"@type\":\"Answer\",\"text\":\"<p>JUPOL sostiene que el Gobierno est&aacute; incumpliendo el <em><strong>art&iacute;culo 6 de la Ley Org&aacute;nica 2\/1986<\/strong><\/em> y el <em><strong>art&iacute;culo 14 de la Constituci&oacute;n Espa&ntilde;ola<\/strong><\/em>, que garantizan el principio de igualdad y la prohibici&oacute;n de discriminaci&oacute;n. Al permitir condiciones m&aacute;s favorables para unos cuerpos policiales sobre otros, se est&aacute; creando una situaci&oacute;n injusta y contraria al Ordenamiento Jur&iacute;dico.<\/p>\"}},{\"@type\":\"Question\",\"name\":\"\u00bfQu\u00e9 acciones tomar\u00e1 JUPOL si no se alcanzan acuerdos con la Direcci\u00f3n General de la Polic\u00eda?\",\"acceptedAnswer\":{\"@type\":\"Answer\",\"text\":\"Si no hay avances en la negociaci\u00f3n, JUPOL tomar\u00e1 medidas legales en el marco del Conflicto Colectivo para garantizar que se cumplan sus reivindicaciones. Adem\u00e1s, no descarta la convocatoria de movilizaciones para presionar al Ministerio del Interior.\"}},{\"@type\":\"Question\",\"name\":\"\u00bfQu\u00e9 diferencias retributivas existen entre los polic\u00edas nacionales y los auton\u00f3micos?\",\"acceptedAnswer\":{\"@type\":\"Answer\",\"text\":\"<p>JUPOL estima que las diferencias salariales actuales son las siguientes:<\/p>\\n<ul>\\n<li><strong>Salario mensual:<\/strong> 20% menos que los polic&iacute;as auton&oacute;micos.<\/li>\\n<li><strong>Pagas extraordinarias:<\/strong> 61% menos que los polic&iacute;as auton&oacute;micos.<\/li>\\n<li><strong>Pensiones de jubilaci&oacute;n:<\/strong> 45% menos que los polic&iacute;as auton&oacute;micos.<\/li>\\n<li><strong>Edad de jubilaci&oacute;n:<\/strong> Los polic&iacute;as auton&oacute;micos y locales pueden jubilarse a los <strong>59 a&ntilde;os<\/strong>, mientras que los polic&iacute;as nacionales y guardias civiles no tienen ese derecho.<\/li>\\n<\/ul>\"}},{\"@type\":\"Question\",\"name\":\"\u00bfCu\u00e1l es la postura de JUPOL respecto a la unidad sindical en este conflicto?\",\"acceptedAnswer\":{\"@type\":\"Answer\",\"text\":\"<p>JUPOL ha reiterado que este conflicto <strong>no es un tema de intereses sindicales, sino de derechos de todos los polic&iacute;as nacionales<\/strong>. Por ello, ha hecho un llamamiento a todas las organizaciones sindicales para formar un frente com&uacute;n en torno a la Equiparaci&oacute;n Salarial y la Jubilaci&oacute;n Digna.<\/p>\"}},{\"@type\":\"Question\",\"name\":\"\u00bfQu\u00e9 papel juega el Ministerio del Interior en esta situaci\u00f3n?\",\"acceptedAnswer\":{\"@type\":\"Answer\",\"text\":\"<p>JUPOL considera que la soluci&oacute;n a estos problemas es una <strong>cuesti&oacute;n de voluntad pol&iacute;tica<\/strong>. Por ello, insta al Ministerio del Interior a iniciar urgentemente las negociaciones necesarias para alcanzar la Equiparaci&oacute;n Salarial Real y la Jubilaci&oacute;n Digna de los polic&iacute;as nacionales y guardias civiles.<\/p>\"}},{\"@type\":\"Question\",\"name\":\"\u00bfJUPOL aceptar\u00eda un acuerdo parcial o negociaciones que no cumplan todas sus demandas?\",\"acceptedAnswer\":{\"@type\":\"Answer\",\"text\":\"<p>No. JUPOL ha sido claro en que <strong>no ceder&aacute; en la defensa de los derechos de los polic&iacute;as nacionales<\/strong> ni aceptar&aacute; \\\"migajas\\\" en la negociaci&oacute;n. Su objetivo es alcanzar <strong>una igualdad salarial y de jubilaci&oacute;n plena y definitiva<\/strong>.<\/p>\"}}]}<\/script>\n                \n    <\/div>\t\t\t\t<\/div>\n\t\t\t\t<\/div>\n\t\t\t\t\t<\/div>\n\t\t\t\t<\/div>\n\t\t\t\t<section class=\"elementor-section elementor-top-section elementor-element elementor-element-63a8ac57 elementor-section-boxed elementor-section-height-default elementor-section-height-default\" data-id=\"63a8ac57\" data-element_type=\"section\" data-e-type=\"section\">\n\t\t\t\t\t\t<div class=\"elementor-container elementor-column-gap-default\">\n\t\t\t\t\t<div class=\"elementor-column elementor-col-100 elementor-top-column elementor-element elementor-element-44a01b58\" data-id=\"44a01b58\" data-element_type=\"column\" data-e-type=\"column\">\n\t\t\t<div class=\"elementor-widget-wrap\">\n\t\t\t\t\t\t\t<\/div>\n\t\t<\/div>\n\t\t\t\t\t<\/div>\n\t\t<\/section>\n\t\t\t\t<section class=\"elementor-section elementor-top-section elementor-element elementor-element-745a992e elementor-section-boxed elementor-section-height-default elementor-section-height-default\" data-id=\"745a992e\" data-element_type=\"section\" data-e-type=\"section\" data-settings=\"{&quot;background_background&quot;:&quot;classic&quot;}\">\n\t\t\t\t\t\t<div class=\"elementor-container elementor-column-gap-default\">\n\t\t\t\t\t<div class=\"elementor-column elementor-col-100 elementor-top-column elementor-element elementor-element-25c12610\" data-id=\"25c12610\" data-element_type=\"column\" data-e-type=\"column\">\n\t\t\t<div class=\"elementor-widget-wrap elementor-element-populated\">\n\t\t\t\t\t\t<section class=\"elementor-section elementor-inner-section elementor-element elementor-element-2fc86204 elementor-section-boxed elementor-section-height-default elementor-section-height-default\" data-id=\"2fc86204\" data-element_type=\"section\" data-e-type=\"section\">\n\t\t\t\t\t\t<div class=\"elementor-container elementor-column-gap-default\">\n\t\t\t\t\t<div class=\"elementor-column elementor-col-50 elementor-inner-column elementor-element elementor-element-3ec1680e\" data-id=\"3ec1680e\" data-element_type=\"column\" data-e-type=\"column\" data-settings=\"{&quot;background_background&quot;:&quot;classic&quot;}\">\n\t\t\t<div class=\"elementor-widget-wrap\">\n\t\t\t\t\t<div class=\"elementor-background-overlay\"><\/div>\n\t\t\t\t\t\t\t<\/div>\n\t\t<\/div>\n\t\t\t\t<div class=\"elementor-column elementor-col-50 elementor-inner-column elementor-element elementor-element-278d75ec\" data-id=\"278d75ec\" data-element_type=\"column\" data-e-type=\"column\">\n\t\t\t<div class=\"elementor-widget-wrap elementor-element-populated\">\n\t\t\t\t\t\t<div class=\"elementor-element elementor-element-3dd8de86 elementor-widget elementor-widget-elementskit-heading\" data-id=\"3dd8de86\" data-element_type=\"widget\" data-e-type=\"widget\" data-widget_type=\"elementskit-heading.default\">\n\t\t\t\t<div class=\"elementor-widget-container\">\n\t\t\t\t\t<div class=\"ekit-wid-con\" ><div class=\"ekit-heading elementskit-section-title-wraper text_left   ekit_heading_tablet-   ekit_heading_mobile-\"><h3 class=\"elementskit-section-subtitle  \">\n\t\t\t\t\t\tEs el momento del cambio...\n\t\t\t\t\t<\/h3><h2 class=\"ekit-heading--title elementskit-section-title \">\u00bfY tu, te apuntas?<\/h2><\/div><\/div>\t\t\t\t<\/div>\n\t\t\t\t<\/div>\n\t\t\t\t<div class=\"elementor-element elementor-element-282f5b8a elementor-widget elementor-widget-elementskit-accordion\" data-id=\"282f5b8a\" data-element_type=\"widget\" data-e-type=\"widget\" data-widget_type=\"elementskit-accordion.default\">\n\t\t\t\t<div class=\"elementor-widget-container\">\n\t\t\t\t\t<div class=\"ekit-wid-con\" >\n        <div class=\"elementskit-accordion accoedion-primary\" id=\"accordion-69f1bdb9828ee\">\n\n            \n                <div class=\"elementskit-card active\">\n                    <div class=\"elementskit-card-header\" id=\"primaryHeading-0-282f5b8a\">\n                        <a href=\"#collapse-22544e769f1bdb9828ee\" class=\"ekit-accordion--toggler elementskit-btn-link collapsed\" data-ekit-toggle=\"collapse\" data-target=\"#Collapse-22544e769f1bdb9828ee\" aria-expanded=\"true\" aria-controls=\"Collapse-22544e769f1bdb9828ee\">\n                            \n                            <span class=\"ekit-accordion-title\">COMPA\u00d1EROS, ES EL MOMENTO DE UNIRNOS<\/span>\n\n                            \n                                <div class=\"ekit_accordion_icon_group\">\n                                    <div class=\"ekit_accordion_normal_icon\">\n                                        <!-- Normal Icon -->\n\t\t\t\t\t\t\t\t\t\t<i class=\"icon icon-down-arrow1\"><\/i>                                    <\/div>\n\n                                    <div class=\"ekit_accordion_active_icon\">\n                                        <!-- Active Icon -->\n\t\t\t\t\t\t\t\t\t\t<i class=\"icon icon-up-arrow\"><\/i>                                    <\/div>\n                                <\/div>\n\n                            \n                                                    <\/a>\n                    <\/div>\n\n                    <div id=\"Collapse-22544e769f1bdb9828ee\" class=\" show collapse\" aria-labelledby=\"primaryHeading-0-282f5b8a\" data-parent=\"#accordion-69f1bdb9828ee\">\n\n                        <div class=\"elementskit-card-body ekit-accordion--content\">\n                            <p>A todos los polic\u00edas nacionales, independientemente del sindicato al que pertenezc\u00e1is: este conflicto no es una cuesti\u00f3n de siglas ni de intereses particulares. Es una lucha de todos, por todos. <strong>La equiparaci\u00f3n salarial real y una jubilaci\u00f3n digna no pueden seguir siendo promesas vac\u00edas, mientras otros cuerpos policiales disfrutan de derechos que a nosotros se nos niegan.<\/strong><\/p><p>Llevamos a\u00f1os soportando desigualdades que no tienen justificaci\u00f3n. La Administraci\u00f3n y el Gobierno nos han dado la espalda, neg\u00e1ndose a negociar unas condiciones laborales justas. <strong>Nos han dividido, nos han enfrentado entre nosotros, y mientras tanto, la brecha salarial y de derechos sigue aumentando.<\/strong><\/p><p>Pero esto no va de JUPOL, ni de otro sindicato. <strong>Esto va de la Polic\u00eda Nacional. Va de tu sueldo. Va de tu futuro. Va de la dignidad de nuestra profesi\u00f3n.<\/strong><\/p><p>Hoy os pedimos que dejemos a un lado las diferencias y nos unamos en un solo frente. <strong>Solo juntos podemos obligar al Ministerio del Interior a escucharnos. Solo juntos podemos forzar un cambio real.<\/strong><\/p><p>Si seguimos permitiendo que nos ignoren, si aceptamos esta discriminaci\u00f3n como algo inevitable, nos condenamos a seguir en una situaci\u00f3n de injusticia. Pero si levantamos la voz como un solo cuerpo, seremos imparables.<\/p><p><strong>Compa\u00f1eros, ha llegado el momento de unirnos. De luchar, codo con codo, por lo que es nuestro.<\/strong> No hay polic\u00edas de primera y de segunda. <strong>Hay un solo Cuerpo Nacional de Polic\u00eda y debemos defenderlo juntos.<\/strong><\/p><p>Porque esta lucha no es de JUPOL, ni de SUP, ni de CEP, ni de UFP. <strong>Es de todos los que llevamos este uniforme.<\/strong><\/p><p><strong>Unidos somos m\u00e1s fuertes. \u00danete al conflicto colectivo.<\/strong><\/p>                        <\/div>\n\n                    <\/div>\n\n                <\/div><!-- .elementskit-card END -->\n\n                                        <\/div>\n    <\/div>\t\t\t\t<\/div>\n\t\t\t\t<\/div>\n\t\t\t\t\t<\/div>\n\t\t<\/div>\n\t\t\t\t\t<\/div>\n\t\t<\/section>\n\t\t\t\t\t<\/div>\n\t\t<\/div>\n\t\t\t\t\t<\/div>\n\t\t<\/section>\n\t\t\t\t<section class=\"elementor-section elementor-top-section elementor-element elementor-element-4f91f4ed elementor-hidden-phone elementor-section-boxed elementor-section-height-default elementor-section-height-default\" data-id=\"4f91f4ed\" data-element_type=\"section\" data-e-type=\"section\" data-settings=\"{&quot;background_background&quot;:&quot;classic&quot;}\">\n\t\t\t\t\t\t<div class=\"elementor-container elementor-column-gap-default\">\n\t\t\t\t\t<div class=\"elementor-column elementor-col-100 elementor-top-column elementor-element elementor-element-ffeed22\" data-id=\"ffeed22\" data-element_type=\"column\" data-e-type=\"column\">\n\t\t\t<div class=\"elementor-widget-wrap elementor-element-populated\">\n\t\t\t\t\t\t<div class=\"elementor-element elementor-element-3518de8f elementor-widget elementor-widget-elementskit-heading\" data-id=\"3518de8f\" data-element_type=\"widget\" data-e-type=\"widget\" data-widget_type=\"elementskit-heading.default\">\n\t\t\t\t<div class=\"elementor-widget-container\">\n\t\t\t\t\t<div class=\"ekit-wid-con\" ><div class=\"ekit-heading elementskit-section-title-wraper center   ekit_heading_tablet-   ekit_heading_mobile-\"><h2 class=\"ekit-heading--title elementskit-section-title \">\u00danete al conflicto colectivo<\/h2><div class=\"ekit_heading_separetor_wraper ekit_heading_elementskit-border-star\"><div class=\"elementskit-border-star\"><\/div><\/div><\/div><\/div>\t\t\t\t<\/div>\n\t\t\t\t<\/div>\n\t\t\t\t<section class=\"elementor-section elementor-inner-section elementor-element elementor-element-11331811 elementor-section-boxed elementor-section-height-default elementor-section-height-default\" data-id=\"11331811\" data-element_type=\"section\" data-e-type=\"section\" data-settings=\"{&quot;background_background&quot;:&quot;classic&quot;}\">\n\t\t\t\t\t\t<div class=\"elementor-container elementor-column-gap-default\">\n\t\t\t\t\t<div class=\"elementor-column elementor-col-100 elementor-inner-column elementor-element elementor-element-55268296\" data-id=\"55268296\" data-element_type=\"column\" data-e-type=\"column\">\n\t\t\t<div class=\"elementor-widget-wrap\">\n\t\t\t\t\t\t\t<\/div>\n\t\t<\/div>\n\t\t\t\t\t<\/div>\n\t\t<\/section>\n\t\t\t\t<section class=\"elementor-section elementor-inner-section elementor-element elementor-element-15aaee30 elementor-section-boxed elementor-section-height-default elementor-section-height-default\" data-id=\"15aaee30\" data-element_type=\"section\" data-e-type=\"section\">\n\t\t\t\t\t\t<div class=\"elementor-container elementor-column-gap-default\">\n\t\t\t\t\t<div class=\"elementor-column elementor-col-100 elementor-inner-column elementor-element elementor-element-48bfee53\" data-id=\"48bfee53\" data-element_type=\"column\" data-e-type=\"column\">\n\t\t\t<div class=\"elementor-widget-wrap elementor-element-populated\">\n\t\t\t\t\t\t<div class=\"elementor-element elementor-element-45c5766 elementor-widget elementor-widget-elementskit-blog-posts\" data-id=\"45c5766\" data-element_type=\"widget\" data-e-type=\"widget\" data-widget_type=\"elementskit-blog-posts.default\">\n\t\t\t\t<div class=\"elementor-widget-container\">\n\t\t\t\t\t<div class=\"ekit-wid-con\" >        <div id=\"post-items--45c5766\" class=\"row post-items\">\n                <\/div>\n       <\/div>\t\t\t\t<\/div>\n\t\t\t\t<\/div>\n\t\t\t\t\t<\/div>\n\t\t<\/div>\n\t\t\t\t\t<\/div>\n\t\t<\/section>\n\t\t\t\t\t<\/div>\n\t\t<\/div>\n\t\t\t\t\t<\/div>\n\t\t<\/section>\n\t\t\t\t<\/div>\n\t\t","protected":false},"excerpt":{"rendered":"<p>#conflictocolectivo Estamos en Conflicto Ni un paso m\u00e1s 23 enero 2025 JUPOL declara el conflicto colectivo con el prop\u00f3sito de [&hellip;]<\/p>\n","protected":false},"author":1,"featured_media":0,"parent":0,"menu_order":0,"comment_status":"closed","ping_status":"closed","template":"","meta":{"site-sidebar-layout":"no-sidebar","site-content-layout":"","ast-site-content-layout":"full-width-container","site-content-style":"default","site-sidebar-style":"default","ast-global-header-display":"","ast-banner-title-visibility":"","ast-main-header-display":"","ast-hfb-above-header-display":"","ast-hfb-below-header-display":"","ast-hfb-mobile-header-display":"","site-post-title":"disabled","ast-breadcrumbs-content":"","ast-featured-img":"disabled","footer-sml-layout":"","ast-disable-related-posts":"","theme-transparent-header-meta":"","adv-header-id-meta":"","stick-header-meta":"","header-above-stick-meta":"","header-main-stick-meta":"","header-below-stick-meta":"","astra-migrate-meta-layouts":"default","ast-page-background-enabled":"default","ast-page-background-meta":{"desktop":{"background-color":"var(--ast-global-color-4)","background-image":"","background-repeat":"repeat","background-position":"center center","background-size":"auto","background-attachment":"scroll","background-type":"","background-media":"","overlay-type":"","overlay-color":"","overlay-opacity":"","overlay-gradient":""},"tablet":{"background-color":"","background-image":"","background-repeat":"repeat","background-position":"center center","background-size":"auto","background-attachment":"scroll","background-type":"","background-media":"","overlay-type":"","overlay-color":"","overlay-opacity":"","overlay-gradient":""},"mobile":{"background-color":"","background-image":"","background-repeat":"repeat","background-position":"center center","background-size":"auto","background-attachment":"scroll","background-type":"","background-media":"","overlay-type":"","overlay-color":"","overlay-opacity":"","overlay-gradient":""}},"ast-content-background-meta":{"desktop":{"background-color":"var(--ast-global-color-5)","background-image":"","background-repeat":"repeat","background-position":"center center","background-size":"auto","background-attachment":"scroll","background-type":"","background-media":"","overlay-type":"","overlay-color":"","overlay-opacity":"","overlay-gradient":""},"tablet":{"background-color":"var(--ast-global-color-5)","background-image":"","background-repeat":"repeat","background-position":"center center","background-size":"auto","background-attachment":"scroll","background-type":"","background-media":"","overlay-type":"","overlay-color":"","overlay-opacity":"","overlay-gradient":""},"mobile":{"background-color":"var(--ast-global-color-5)","background-image":"","background-repeat":"repeat","background-position":"center center","background-size":"auto","background-attachment":"scroll","background-type":"","background-media":"","overlay-type":"","overlay-color":"","overlay-opacity":"","overlay-gradient":""}},"footnotes":""},"class_list":["post-19","page","type-page","status-publish","hentry"],"_links":{"self":[{"href":"https:\/\/conflictocolectivo.es\/index.php?rest_route=\/wp\/v2\/pages\/19","targetHints":{"allow":["GET"]}}],"collection":[{"href":"https:\/\/conflictocolectivo.es\/index.php?rest_route=\/wp\/v2\/pages"}],"about":[{"href":"https:\/\/conflictocolectivo.es\/index.php?rest_route=\/wp\/v2\/types\/page"}],"author":[{"embeddable":true,"href":"https:\/\/conflictocolectivo.es\/index.php?rest_route=\/wp\/v2\/users\/1"}],"replies":[{"embeddable":true,"href":"https:\/\/conflictocolectivo.es\/index.php?rest_route=%2Fwp%2Fv2%2Fcomments&post=19"}],"version-history":[{"count":172,"href":"https:\/\/conflictocolectivo.es\/index.php?rest_route=\/wp\/v2\/pages\/19\/revisions"}],"predecessor-version":[{"id":451,"href":"https:\/\/conflictocolectivo.es\/index.php?rest_route=\/wp\/v2\/pages\/19\/revisions\/451"}],"wp:attachment":[{"href":"https:\/\/conflictocolectivo.es\/index.php?rest_route=%2Fwp%2Fv2%2Fmedia&parent=19"}],"curies":[{"name":"wp","href":"https:\/\/api.w.org\/{rel}","templated":true}]}}